{"id":174,"date":"2024-06-11T14:30:55","date_gmt":"2024-06-11T14:30:55","guid":{"rendered":"https:\/\/refugee-committee.org\/?page_id=174"},"modified":"2026-02-16T15:49:06","modified_gmt":"2026-02-16T14:49:06","slug":"burundian-refugee-committee","status":"publish","type":"page","link":"https:\/\/refugee-committee.org\/fr\/burundian-refugee-committee\/","title":{"rendered":"\u00a0Burundian Refugee Voice \u2013 ITEKA"},"content":{"rendered":"<div style=\"height:56px\" aria-hidden=\"true\" class=\"wp-block-spacer\"><\/div>\n\n\n\n<p class=\"has-text-align-center has-black-color has-text-color has-link-color has-large-font-size wp-elements-1 wp-block-paragraph translation-block\"><strong>Nous sommes la voix des <\/strong><br><strong>r\u00e9fugi\u00e9s Burundais en Belgique<\/strong><\/p>\n\n\n\n<div style=\"height:100px\" aria-hidden=\"true\" class=\"wp-block-spacer\"><\/div>\n\n\n\n<p class=\"has-black-color has-text-color has-link-color wp-elements-2 wp-block-paragraph\">\u00c0 Burundian Refugee Voice-ITEKA, nous sommes un acteur d\u00e9vou\u00e9 et actif dans l'assistance apport\u00e9e aux r\u00e9fugi\u00e9s burundais et aux autres r\u00e9fugi\u00e9s en Belgique.<br><br>Nos principaux objectifs sont d'accueillir, d'assister et de guider les r\u00e9fugi\u00e9s burundais dans leurs nouveaux pays d'origine, en leur fournissant une aide pour obtenir la citoyennet\u00e9 belge et en luttant contre la discrimination fond\u00e9e sur le genre, l'\u00e2ge, l'ethnicit\u00e9, la religion ou les convictions politiques.<br><\/p>\n\n\n\n<p class=\"has-black-color has-text-color has-link-color wp-elements-3 wp-block-paragraph\">Nous servons de plateforme de rencontres, en promouvant le d\u00e9veloppement socio-culturel et en cr\u00e9ant des relations saines ainsi que des initiatives de solidarit\u00e9 qui prot\u00e8gent les droits des r\u00e9fugi\u00e9s en Belgique. Nos efforts se concentrent sur le renforcement de la coh\u00e9sion parmi les Burundais, la construction de liens sociaux durables avec la soci\u00e9t\u00e9 belge et la promotion d'une perception positive envers les communaut\u00e9s de r\u00e9fugi\u00e9s.<br><br>Nos voix sont \u00e9galement l\u00e0 pour servir de relais entre les autorit\u00e9s belges et la communaut\u00e9, en soutenant et en conseillant les acteurs cl\u00e9s dans la formulation et la mise en \u0153uvre des politiques d'int\u00e9gration.<\/p>\n\n\n\n<p class=\"wp-block-paragraph\"><\/p>\n\n\n\n<div style=\"height:100px\" aria-hidden=\"true\" class=\"wp-block-spacer\"><\/div>\n\n\n\n<div class=\"wp-block-cover alignfull is-light has-parallax\" style=\"margin-top:0;margin-bottom:0;padding-top:24px;padding-right:24px;padding-bottom:24px;padding-left:24px;min-height:700px;aspect-ratio:unset;\"><div class=\"wp-block-cover__image-background wp-image-346 has-parallax\" style=\"background-position:50% 50%;background-image:url(https:\/\/refugee-committee.org\/wp-content\/uploads\/2024\/06\/Burundian-players-Winners-Football-tournament-BRW-2024.jpg)\"><\/div><span aria-hidden=\"true\" class=\"wp-block-cover__background has-white-background-color has-background-dim-80 has-background-dim\"><\/span><div class=\"wp-block-cover__inner-container is-layout-flow wp-block-cover-is-layout-flow\">\n<div style=\"height:74px\" aria-hidden=\"true\" class=\"wp-block-spacer\"><\/div>\n\n\n\n<p class=\"has-text-align-center has-black-color has-text-color has-link-color has-large-font-size wp-elements-4 wp-block-paragraph\" style=\"font-style:normal;font-weight:700\">Mission et Vision<\/p>\n\n\n\n<div class=\"wp-block-columns container is-layout-flex wp-container-core-columns-is-layout-7387b849 wp-block-columns-is-layout-flex\">\n<div class=\"wp-block-column has-white-color has-text-color has-link-color wp-elements-5 is-layout-flow wp-block-column-is-layout-flow\">\n<p class=\"has-text-align-center has-white-color has-accent-background-color has-text-color has-background wp-block-paragraph\" style=\"font-size:18px\"><strong>MISSION<\/strong><\/p>\n\n\n\n<p class=\"has-text-align-center has-black-color has-text-color has-link-color wp-elements-6 wp-block-paragraph\" style=\"font-size:16px\"><\/p>\n<\/div>\n\n\n\n<div class=\"wp-block-column has-white-color has-text-color has-link-color wp-elements-7 is-layout-flow wp-block-column-is-layout-flow\">\n<p class=\"has-text-align-center has-white-color has-accent-background-color has-text-color has-background wp-block-paragraph\" style=\"font-size:18px\"><strong>VISION <\/strong><\/p>\n\n\n\n<p class=\"has-text-align-center has-black-color has-text-color has-link-color wp-elements-8 wp-block-paragraph\" style=\"font-size:16px\"><\/p>\n<\/div>\n<\/div>\n\n\n\n<div class=\"wp-block-columns container is-layout-flex wp-container-core-columns-is-layout-7387b849 wp-block-columns-is-layout-flex\">\n<div class=\"wp-block-column has-white-color has-text-color has-link-color wp-elements-9 is-layout-flow wp-block-column-is-layout-flow\">\n<ul style=\"font-size:18px\" class=\"wp-block-list has-accent-color has-white-background-color has-text-color has-background\">\n<li class=\"has-black-color has-text-color has-link-color wp-elements-10 translation-block\"><strong>D\u00e9fendre les droits des r\u00e9fugi\u00e9s burundais <\/strong>en les int\u00e9grant et en promouvant leur citoyennet\u00e9.<\/li>\n\n\n\n<li class=\"has-black-color has-text-color has-link-color wp-elements-11 translation-block\">Contribuer au <strong>d\u00e9veloppement socio-culturel et \u00e9conomique<\/strong>.<\/li>\n\n\n\n<li class=\"has-black-color has-text-color has-link-color wp-elements-12\">Promouvoir les liens sociaux au sein de notre communaut\u00e9 et avec la soci\u00e9t\u00e9 belge.  <\/li>\n\n\n\n<li class=\"has-black-color has-text-color has-link-color wp-elements-13 translation-block\">Servir d'<strong>exemple d'interculturalit\u00e9<\/strong> ax\u00e9 sur l'\u00e9change et le partage de valeurs humaines positives.<\/li>\n<\/ul>\n\n\n\n<p class=\"has-text-align-center has-black-color has-text-color has-link-color wp-elements-14 wp-block-paragraph\" style=\"font-size:16px\"><\/p>\n\n\n\n<div style=\"height:100px\" aria-hidden=\"true\" class=\"wp-block-spacer\"><\/div>\n\n\n\n<p class=\"has-text-align-center has-black-color has-text-color has-link-color wp-elements-15 wp-block-paragraph\" style=\"font-size:16px\"><\/p>\n<\/div>\n\n\n\n<div class=\"wp-block-column has-white-color has-text-color has-link-color wp-elements-16 is-layout-flow wp-block-column-is-layout-flow\">\n<ul style=\"font-size:18px\" class=\"wp-block-list has-accent-color has-white-background-color has-text-color has-background\">\n<li class=\"has-black-color has-text-color has-link-color wp-elements-17 translation-block\">Faire en sorte que les r\u00e9fugi\u00e9s burundais aient le sentiment que <strong>leurs droits sont prot\u00e9g\u00e9s<\/strong> et que leur citoyennet\u00e9 est <strong>valoris\u00e9e<\/strong>.<\/li>\n\n\n\n<li class=\"has-black-color has-text-color has-link-color wp-elements-18 translation-block\">Cr\u00e9er un environnement <strong>inclusif, respectueux et \u00e9panouissant<\/strong> pour les r\u00e9fugi\u00e9s burundais.<\/li>\n\n\n\n<li class=\"has-black-color has-text-color has-link-color wp-elements-19 translation-block\">Accro\u00eetre les opportunit\u00e9s pour la convivialit\u00e9, l'expression artistique, culturelle et sportive.<\/li>\n\n\n\n<li class=\"has-black-color has-text-color has-link-color wp-elements-20\">\u00c9tendre notre champ d'action ailleurs dans le monde.<\/li>\n<\/ul>\n<\/div>\n<\/div>\n<\/div><\/div>\n\n\n\n<div style=\"height:100px\" aria-hidden=\"true\" class=\"wp-block-spacer\"><\/div>\n\n\n\n<div class=\"wp-block-uagb-container uagb-block-6a821390 alignwide uagb-is-root-container\">\n<h2 class=\"wp-block-heading has-text-align-center has-black-color has-text-color has-link-color wp-elements-21\"><strong>Nos valeurs<\/strong><\/h2>\n<\/div>\n\n\n\n<div class=\"wp-block-uagb-container uagb-block-3c24c31f alignwide uagb-is-root-container\">\n<div class=\"wp-block-uagb-container uagb-block-3dbcdfaa\">\n<p class=\"has-text-align-center has-white-color has-accent-background-color has-text-color has-background has-link-color has-medium-font-size wp-elements-22 wp-block-paragraph\"><strong>ITEKA<\/strong><\/p>\n\n\n\n<p class=\"has-text-align-center has-black-color has-text-color has-link-color wp-elements-23 wp-block-paragraph translation-block\">Ancr\u00e9e dans notre identit\u00e9, <strong>Iteka <\/strong>incarne un ensemble de valeurs comprenant <strong>le respect<\/strong> et la pr\u00e9servation de <strong>la dignit\u00e9 personnelle<\/strong>, l'<strong>int\u00e9grit\u00e9 morale individuelle<\/strong> et la <strong>r\u00e9putation<\/strong> collective. C'est \u00e9galement un engagement en faveur de <strong>l'honn\u00eatet\u00e9<\/strong> et de la d\u00e9fense des <strong>valeurs culturelles<\/strong> Burundaises.<\/p>\n\n\n\n<div style=\"height:68px\" aria-hidden=\"true\" class=\"wp-block-spacer\"><\/div>\n<\/div>\n\n\n\n<div class=\"wp-block-uagb-container uagb-block-961c6794\">\n<p class=\"has-text-align-center has-white-color has-accent-background-color has-text-color has-background has-link-color has-medium-font-size wp-elements-24 wp-block-paragraph\"><strong>SOLIDARIT\u00c9<\/strong><\/p>\n\n\n\n<p class=\"has-text-align-center has-black-color has-text-color has-link-color wp-elements-25 wp-block-paragraph translation-block\">Nous mettons l'accent sur notre valeur fondamentale de solidarit\u00e9, qui englobe <strong>la communaut\u00e9<\/strong>, <strong>l'entraide<\/strong> et le concept d'<strong>Ubuntu<\/strong>. Cette philosophie relie les individus \u00e0 leur communaut\u00e9, en encourageant le <strong>partage des ressources<\/strong> sans rien attendre en retour. La solidarit\u00e9 burundaise impr\u00e8gne tous les aspects de la vie communautaire dans notre pays.<\/p>\n\n\n\n<div style=\"height:5px\" aria-hidden=\"true\" class=\"wp-block-spacer\"><\/div>\n<\/div>\n\n\n\n<div class=\"wp-block-uagb-container uagb-block-25df1604\">\n<p class=\"has-text-align-center has-white-color has-accent-background-color has-text-color has-background has-link-color has-medium-font-size wp-elements-26 wp-block-paragraph\"><strong>CITOYENNET\u00c9<\/strong><\/p>\n\n\n\n<p class=\"has-text-align-center has-black-color has-text-color has-link-color wp-elements-27 wp-block-paragraph translation-block\">Nous nous engageons \u00e0 apporter une contribution positive \u00e0 tous les secteurs de la soci\u00e9t\u00e9 belge tout en d\u00e9fendant les valeurs burundaises. Notre organisation a \u00e9lev\u00e9 <strong>la participation \u00e0 la vie d\u00e9mocratique, le respect de la loi<\/strong> et <strong>l'inclusion sociale \u00e9quitable<\/strong> au rang de valeurs fondamentales de la citoyennet\u00e9 responsable et active.<\/p>\n\n\n\n<div style=\"height:4px\" aria-hidden=\"true\" class=\"wp-block-spacer\"><\/div>\n<\/div>\n<\/div>\n\n\n\n<div style=\"height:100px\" aria-hidden=\"true\" class=\"wp-block-spacer\"><\/div>\n\n\n\n<div class=\"wp-block-cover alignfull is-light has-parallax wp-duotone-unset-1\" style=\"min-height:400px;aspect-ratio:unset;\"><div class=\"wp-block-cover__image-background wp-image-565 has-parallax\" style=\"background-position:50% 50%;background-image:url(https:\/\/refugee-committee.org\/wp-content\/uploads\/2024\/07\/Burundi-drum-Concerts-BRW-2024.jpg)\"><\/div><span aria-hidden=\"true\" class=\"wp-block-cover__background has-white-background-color has-background-dim-10 has-background-dim\"><\/span><div class=\"wp-block-cover__inner-container is-layout-flow wp-block-cover-is-layout-flow\">\n<div style=\"height:43px\" aria-hidden=\"true\" class=\"wp-block-spacer\"><\/div>\n<\/div><\/div>\n\n\n\n<div style=\"height:100px\" aria-hidden=\"true\" class=\"wp-block-spacer\"><\/div>\n\n\n\n<h1 class=\"wp-block-heading has-text-align-center\"><strong>Nos activit\u00e9s<\/strong><\/h1>\n\n\n\n<div style=\"height:3px\" aria-hidden=\"true\" class=\"wp-block-spacer\"><\/div>\n\n\n\n<p class=\"has-black-color has-text-color has-link-color wp-elements-28 wp-block-paragraph translation-block\">ITEKA <strong>surveille<\/strong> en continu les conditions de vie des r\u00e9fugi\u00e9s burundais, offrant un <strong>soutien personnalis\u00e9<\/strong> pour r\u00e9pondre \u00e0 leurs besoins individuels et collectifs, et <strong>mobilisant des ressources<\/strong> pour renforcer la coh\u00e9sion communautaire. Elle agit \u00e9galement pour garantir le respect des droits fondamentaux des r\u00e9fugi\u00e9s, en fournissant une assistance pratique et juridique pour r\u00e9soudre les probl\u00e8mes individuels et collectifs, et en <strong>organisant des activit\u00e9s collectives<\/strong> pour renforcer la r\u00e9silience et le d\u00e9veloppement socio-\u00e9conomique.<\/p>\n\n\n\n<p class=\"wp-block-paragraph\"><\/p>\n\n\n\n<p class=\"has-black-color has-text-color has-link-color wp-elements-29 wp-block-paragraph translation-block\">De plus, ITEKA <strong>promeut l'art et la culture<\/strong> afin de pr\u00e9server l'identit\u00e9 culturelle des r\u00e9fugi\u00e9s Burundais, tout en favorisant <strong>le dialogue interculturel<\/strong> et <strong>le renforcement des liens au sein de la communaut\u00e9 d'accueil<\/strong>. Nous organisons des \u00e9v\u00e9nements artistiques et culturels mettant en valeur l'expression artistique et les traditions Burundaises.<\/p>\n\n\n\n<p class=\"wp-block-paragraph\"><\/p>\n\n\n\n<p class=\"has-black-color has-text-color has-link-color wp-elements-30 wp-block-paragraph translation-block\">ITEKA vise \u00e9galement \u00e0 promouvoir le <strong>bien-\u00eatre physique, mental et social<\/strong> des r\u00e9fugi\u00e9s par le biais d'activit\u00e9s sportives et d'\u00e9v\u00e9nements conviviaux. Cela inclut l'organisation de comp\u00e9titions sportives, de s\u00e9ances d'entra\u00eenement et d'activit\u00e9s de loisirs, ainsi que des rencontres interculturelles et des repas intercommunautaires. Ces activit\u00e9s favorisent l'int\u00e9gration sociale, renforcent les liens de solidarit\u00e9 au sein de la communaut\u00e9, et offrent aux r\u00e9fugi\u00e9s un espace s\u00fbr et inclusif dans lequel ils peuvent se divertir et recharger leurs batteries.<\/p>\n\n\n\n<div style=\"height:100px\" aria-hidden=\"true\" class=\"wp-block-spacer\"><\/div>\n\n\n\n<div class=\"wp-block-cover alignfull is-light\" style=\"margin-top:0;margin-bottom:0;padding-top:24px;padding-right:24px;padding-bottom:24px;padding-left:24px;min-height:50vh;aspect-ratio:unset;\"><span aria-hidden=\"true\" class=\"wp-block-cover__background has-background-color-background-color has-background-dim-100 has-background-dim\"><\/span><div class=\"wp-block-cover__inner-container is-layout-flow wp-block-cover-is-layout-flow\">\n<div style=\"height:100px\" aria-hidden=\"true\" class=\"wp-block-spacer\"><\/div>\n\n\n\n<div class=\"wp-block-columns is-layout-flex wp-container-core-columns-is-layout-7387b849 wp-block-columns-is-layout-flex\">\n<div class=\"wp-block-column is-layout-flow wp-block-column-is-layout-flow\" style=\"flex-basis:20%\"><\/div>\n\n\n\n<div class=\"wp-block-column is-layout-flow wp-block-column-is-layout-flow\" style=\"flex-basis:60%\">\n<p class=\"has-text-align-center wp-block-paragraph\"><strong>Membres du conseil \u00e9lus lors de l'Assembl\u00e9e G\u00e9n\u00e9rale du 13 avril 2023.<\/strong><\/p>\n\n\n<div class=\"wp-block-image\">\n<figure class=\"aligncenter size-full is-resized\"><img fetchpriority=\"high\" decoding=\"async\" width=\"672\" height=\"186\" src=\"https:\/\/refugee-committee.org\/wp-content\/uploads\/2024\/09\/Burundi-RC.png\" alt=\"\" class=\"wp-image-1119\" style=\"width:850px;height:auto\" srcset=\"https:\/\/refugee-committee.org\/wp-content\/uploads\/2024\/09\/Burundi-RC.png 672w, https:\/\/refugee-committee.org\/wp-content\/uploads\/2024\/09\/Burundi-RC-300x83.png 300w\" sizes=\"(max-width: 672px) 100vw, 672px\" \/><\/figure>\n<\/div>\n\n\n<p class=\"has-text-align-center wp-block-paragraph\"><\/p>\n\n\n\n<div class=\"wp-block-buttons is-content-justification-center is-layout-flex wp-container-core-buttons-is-layout-3e41869c wp-block-buttons-is-layout-flex\"><\/div>\n<\/div>\n\n\n\n<div class=\"wp-block-column is-layout-flow wp-block-column-is-layout-flow\" style=\"flex-basis:20%\"><\/div>\n<\/div>\n\n\n\n<div style=\"height:100px\" aria-hidden=\"true\" class=\"wp-block-spacer\"><\/div>\n\n\n\n<div class=\"wp-block-columns is-layout-flex wp-container-core-columns-is-layout-7387b849 wp-block-columns-is-layout-flex\">\n<div class=\"wp-block-column is-layout-flow wp-block-column-is-layout-flow\" style=\"flex-basis:20%\"><\/div>\n\n\n\n<div class=\"wp-block-column is-layout-flow wp-block-column-is-layout-flow\" style=\"flex-basis:60%\">\n<p class=\"has-text-align-center wp-block-paragraph\"><strong>Membres du Burundian Refugee Voice-ITEKA avant d'immatriculer l'organisation en tant qu'ONG \u00e0 Bruxelles (\u00a9URC).<\/strong><\/p>\n\n\n<div class=\"wp-block-image\">\n<figure class=\"aligncenter size-full is-resized\"><img decoding=\"async\" src=\"https:\/\/refugee-committee.org\/wp-content\/uploads\/2024\/07\/Burundian-Refugee-Committee.jpg\" alt=\"\" class=\"wp-image-859\" style=\"width:783px;height:auto\"\/><\/figure>\n<\/div>\n\n\n<p class=\"has-text-align-center wp-block-paragraph translation-block\" style=\"font-size:18px\"><br>De gauche \u00e0 droite : <strong>D\u00e9sir\u00e9 Ndayizeye<\/strong> (Co-Pr\u00e9sident et responsable des projets, activit\u00e9s et ressources), et Jean Claude Ntiburumusi (Membre du conseil d'administration et responsable du secr\u00e9tariat et de la communication de l'organisation).<\/p>\n\n\n\n<p class=\"has-text-align-center wp-block-paragraph\"><\/p>\n\n\n\n<p class=\"has-text-align-center wp-block-paragraph\"><\/p>\n<\/div>\n\n\n\n<div class=\"wp-block-column is-layout-flow wp-block-column-is-layout-flow\" style=\"flex-basis:20%\"><\/div>\n<\/div>\n\n\n\n<div style=\"height:100px\" aria-hidden=\"true\" class=\"wp-block-spacer\"><\/div>\n<\/div><\/div>\n\n\n\n<div style=\"height:100px\" aria-hidden=\"true\" class=\"wp-block-spacer\"><\/div>\n\n\n\n<p class=\"has-text-align-center has-medium-font-size wp-block-paragraph\">Co-presidents: <strong>D\u00e9sir\u00e9 Ndayizeye <\/strong>et <strong>Innocent Ndayiragije<\/strong><\/p>\n\n\n\n<div style=\"height:100px\" aria-hidden=\"true\" class=\"wp-block-spacer\"><\/div>","protected":false},"excerpt":{"rendered":"<p>We are the voice of Burundian refugees in Belgium At Burundian Refugee Voice-ITEKA, we are a dedicated active actor in providing assistance to Burundian and other refugees in Belgium. Our main objectives are to welcome, assist, and guide Burundian refugees in their new countries of origin, providing them help in [&hellip;]<\/p>\n","protected":false},"author":2,"featured_media":1002,"parent":0,"menu_order":0,"comment_status":"closed","ping_status":"closed","template":"","meta":{"_uag_custom_page_level_css":"","footnotes":"[]"},"class_list":["post-174","page","type-page","status-publish","has-post-thumbnail","hentry"],"yoast_head":"<!-- This site is optimized with the Yoast SEO plugin v27.5 - https:\/\/yoast.com\/product\/yoast-seo-wordpress\/ -->\n<title>\u00a0Burundian Refugee Voice \u2013 ITEKA - Umbrella Refugee Committee<\/title>\n<meta name=\"robots\" content=\"index, follow, max-snippet:-1, max-image-preview:large, max-video-preview:-1\" \/>\n<link rel=\"canonical\" href=\"https:\/\/refugee-committee.org\/fr\/burundian-refugee-committee\/\" \/>\n<meta property=\"og:locale\" content=\"fr_FR\" \/>\n<meta property=\"og:type\" content=\"article\" \/>\n<meta property=\"og:title\" content=\"\u00a0Burundian Refugee Voice \u2013 ITEKA - Umbrella Refugee Committee\" \/>\n<meta property=\"og:description\" content=\"We are the voice of Burundian refugees in Belgium At Burundian Refugee Voice-ITEKA, we are a dedicated active actor in providing assistance to Burundian and other refugees in Belgium. Our main objectives are to welcome, assist, and guide Burundian refugees in their new countries of origin, providing them help in [&hellip;]\" \/>\n<meta property=\"og:url\" content=\"https:\/\/refugee-committee.org\/fr\/burundian-refugee-committee\/\" \/>\n<meta property=\"og:site_name\" content=\"Umbrella Refugee Committee\" \/>\n<meta property=\"article:modified_time\" content=\"2026-02-16T14:49:06+00:00\" \/>\n<meta property=\"og:image\" content=\"https:\/\/refugee-committee.org\/wp-content\/uploads\/2024\/08\/BRV-ITEKA-1-e1724160298891.png\" \/>\n\t<meta property=\"og:image:width\" content=\"1920\" \/>\n\t<meta property=\"og:image:height\" content=\"440\" \/>\n\t<meta property=\"og:image:type\" content=\"image\/png\" \/>\n<meta name=\"twitter:card\" content=\"summary_large_image\" \/>\n<meta name=\"twitter:label1\" content=\"Dur\u00e9e de lecture est.\" \/>\n\t<meta name=\"twitter:data1\" content=\"4 minutes\" \/>\n<script type=\"application\/ld+json\" class=\"yoast-schema-graph\">{\"@context\":\"https:\\\/\\\/schema.org\",\"@graph\":[{\"@type\":\"WebPage\",\"@id\":\"https:\\\/\\\/refugee-committee.org\\\/burundian-refugee-committee\\\/\",\"url\":\"https:\\\/\\\/refugee-committee.org\\\/burundian-refugee-committee\\\/\",\"name\":\"\u00a0Burundian Refugee Voice \u2013 ITEKA - Umbrella Refugee Committee\",\"isPartOf\":{\"@id\":\"https:\\\/\\\/refugee-committee.org\\\/#website\"},\"primaryImageOfPage\":{\"@id\":\"https:\\\/\\\/refugee-committee.org\\\/burundian-refugee-committee\\\/#primaryimage\"},\"image\":{\"@id\":\"https:\\\/\\\/refugee-committee.org\\\/burundian-refugee-committee\\\/#primaryimage\"},\"thumbnailUrl\":\"https:\\\/\\\/refugee-committee.org\\\/wp-content\\\/uploads\\\/2024\\\/08\\\/BRV-ITEKA-1-e1724160298891.png\",\"datePublished\":\"2024-06-11T14:30:55+00:00\",\"dateModified\":\"2026-02-16T14:49:06+00:00\",\"breadcrumb\":{\"@id\":\"https:\\\/\\\/refugee-committee.org\\\/burundian-refugee-committee\\\/#breadcrumb\"},\"inLanguage\":\"fr-BE\",\"potentialAction\":[{\"@type\":\"ReadAction\",\"target\":[\"https:\\\/\\\/refugee-committee.org\\\/burundian-refugee-committee\\\/\"]}]},{\"@type\":\"ImageObject\",\"inLanguage\":\"fr-BE\",\"@id\":\"https:\\\/\\\/refugee-committee.org\\\/burundian-refugee-committee\\\/#primaryimage\",\"url\":\"https:\\\/\\\/refugee-committee.org\\\/wp-content\\\/uploads\\\/2024\\\/08\\\/BRV-ITEKA-1-e1724160298891.png\",\"contentUrl\":\"https:\\\/\\\/refugee-committee.org\\\/wp-content\\\/uploads\\\/2024\\\/08\\\/BRV-ITEKA-1-e1724160298891.png\",\"width\":1920,\"height\":440},{\"@type\":\"BreadcrumbList\",\"@id\":\"https:\\\/\\\/refugee-committee.org\\\/burundian-refugee-committee\\\/#breadcrumb\",\"itemListElement\":[{\"@type\":\"ListItem\",\"position\":1,\"name\":\"Home\",\"item\":\"https:\\\/\\\/refugee-committee.org\\\/\"},{\"@type\":\"ListItem\",\"position\":2,\"name\":\"\u00a0Burundian Refugee Voice \u2013 ITEKA\"}]},{\"@type\":\"WebSite\",\"@id\":\"https:\\\/\\\/refugee-committee.org\\\/#website\",\"url\":\"https:\\\/\\\/refugee-committee.org\\\/\",\"name\":\"Umbrella Refugee Committee\",\"description\":\"\",\"publisher\":{\"@id\":\"https:\\\/\\\/refugee-committee.org\\\/#organization\"},\"potentialAction\":[{\"@type\":\"SearchAction\",\"target\":{\"@type\":\"EntryPoint\",\"urlTemplate\":\"https:\\\/\\\/refugee-committee.org\\\/?s={search_term_string}\"},\"query-input\":{\"@type\":\"PropertyValueSpecification\",\"valueRequired\":true,\"valueName\":\"search_term_string\"}}],\"inLanguage\":\"fr-BE\"},{\"@type\":\"Organization\",\"@id\":\"https:\\\/\\\/refugee-committee.org\\\/#organization\",\"name\":\"Umbrella Refugee Committee\",\"url\":\"https:\\\/\\\/refugee-committee.org\\\/\",\"logo\":{\"@type\":\"ImageObject\",\"inLanguage\":\"fr-BE\",\"@id\":\"https:\\\/\\\/refugee-committee.org\\\/#\\\/schema\\\/logo\\\/image\\\/\",\"url\":\"https:\\\/\\\/refugee-committee.org\\\/wp-content\\\/uploads\\\/2024\\\/12\\\/cropped-Horizontal-color-logo-1.png\",\"contentUrl\":\"https:\\\/\\\/refugee-committee.org\\\/wp-content\\\/uploads\\\/2024\\\/12\\\/cropped-Horizontal-color-logo-1.png\",\"width\":2000,\"height\":665,\"caption\":\"Umbrella Refugee Committee\"},\"image\":{\"@id\":\"https:\\\/\\\/refugee-committee.org\\\/#\\\/schema\\\/logo\\\/image\\\/\"}}]}<\/script>\n<!-- \/ Yoast SEO plugin. -->","yoast_head_json":{"title":"\u00a0Burundian Refugee Voice \u2013 ITEKA - Umbrella Refugee Committee","robots":{"index":"index","follow":"follow","max-snippet":"max-snippet:-1","max-image-preview":"max-image-preview:large","max-video-preview":"max-video-preview:-1"},"canonical":"https:\/\/refugee-committee.org\/fr\/burundian-refugee-committee\/","og_locale":"fr_FR","og_type":"article","og_title":"\u00a0Burundian Refugee Voice \u2013 ITEKA - Umbrella Refugee Committee","og_description":"We are the voice of Burundian refugees in Belgium At Burundian Refugee Voice-ITEKA, we are a dedicated active actor in providing assistance to Burundian and other refugees in Belgium. Our main objectives are to welcome, assist, and guide Burundian refugees in their new countries of origin, providing them help in [&hellip;]","og_url":"https:\/\/refugee-committee.org\/fr\/burundian-refugee-committee\/","og_site_name":"Umbrella Refugee Committee","article_modified_time":"2026-02-16T14:49:06+00:00","og_image":[{"width":1920,"height":440,"url":"https:\/\/refugee-committee.org\/wp-content\/uploads\/2024\/08\/BRV-ITEKA-1-e1724160298891.png","type":"image\/png"}],"twitter_card":"summary_large_image","twitter_misc":{"Dur\u00e9e de lecture est.":"4 minutes"},"schema":{"@context":"https:\/\/schema.org","@graph":[{"@type":"WebPage","@id":"https:\/\/refugee-committee.org\/burundian-refugee-committee\/","url":"https:\/\/refugee-committee.org\/burundian-refugee-committee\/","name":"\u00a0Burundian Refugee Voice \u2013 ITEKA - Umbrella Refugee Committee","isPartOf":{"@id":"https:\/\/refugee-committee.org\/#website"},"primaryImageOfPage":{"@id":"https:\/\/refugee-committee.org\/burundian-refugee-committee\/#primaryimage"},"image":{"@id":"https:\/\/refugee-committee.org\/burundian-refugee-committee\/#primaryimage"},"thumbnailUrl":"https:\/\/refugee-committee.org\/wp-content\/uploads\/2024\/08\/BRV-ITEKA-1-e1724160298891.png","datePublished":"2024-06-11T14:30:55+00:00","dateModified":"2026-02-16T14:49:06+00:00","breadcrumb":{"@id":"https:\/\/refugee-committee.org\/burundian-refugee-committee\/#breadcrumb"},"inLanguage":"fr-BE","potentialAction":[{"@type":"ReadAction","target":["https:\/\/refugee-committee.org\/burundian-refugee-committee\/"]}]},{"@type":"ImageObject","inLanguage":"fr-BE","@id":"https:\/\/refugee-committee.org\/burundian-refugee-committee\/#primaryimage","url":"https:\/\/refugee-committee.org\/wp-content\/uploads\/2024\/08\/BRV-ITEKA-1-e1724160298891.png","contentUrl":"https:\/\/refugee-committee.org\/wp-content\/uploads\/2024\/08\/BRV-ITEKA-1-e1724160298891.png","width":1920,"height":440},{"@type":"BreadcrumbList","@id":"https:\/\/refugee-committee.org\/burundian-refugee-committee\/#breadcrumb","itemListElement":[{"@type":"ListItem","position":1,"name":"Home","item":"https:\/\/refugee-committee.org\/"},{"@type":"ListItem","position":2,"name":"\u00a0Burundian Refugee Voice \u2013 ITEKA"}]},{"@type":"WebSite","@id":"https:\/\/refugee-committee.org\/#website","url":"https:\/\/refugee-committee.org\/","name":"Umbrella Refugee Committee","description":"","publisher":{"@id":"https:\/\/refugee-committee.org\/#organization"},"potentialAction":[{"@type":"SearchAction","target":{"@type":"EntryPoint","urlTemplate":"https:\/\/refugee-committee.org\/?s={search_term_string}"},"query-input":{"@type":"PropertyValueSpecification","valueRequired":true,"valueName":"search_term_string"}}],"inLanguage":"fr-BE"},{"@type":"Organization","@id":"https:\/\/refugee-committee.org\/#organization","name":"Umbrella Refugee Committee","url":"https:\/\/refugee-committee.org\/","logo":{"@type":"ImageObject","inLanguage":"fr-BE","@id":"https:\/\/refugee-committee.org\/#\/schema\/logo\/image\/","url":"https:\/\/refugee-committee.org\/wp-content\/uploads\/2024\/12\/cropped-Horizontal-color-logo-1.png","contentUrl":"https:\/\/refugee-committee.org\/wp-content\/uploads\/2024\/12\/cropped-Horizontal-color-logo-1.png","width":2000,"height":665,"caption":"Umbrella Refugee Committee"},"image":{"@id":"https:\/\/refugee-committee.org\/#\/schema\/logo\/image\/"}}]}},"uagb_featured_image_src":{"full":["https:\/\/refugee-committee.org\/wp-content\/uploads\/2024\/08\/BRV-ITEKA-1-e1724160298891.png",1920,440,false],"thumbnail":["https:\/\/refugee-committee.org\/wp-content\/uploads\/2024\/08\/BRV-ITEKA-1-e1724160298891-150x150.png",150,150,true],"medium":["https:\/\/refugee-committee.org\/wp-content\/uploads\/2024\/08\/BRV-ITEKA-1-e1724160298891-300x69.png",300,69,true],"medium_large":["https:\/\/refugee-committee.org\/wp-content\/uploads\/2024\/08\/BRV-ITEKA-1-e1724160298891-768x176.png",750,172,true],"large":["https:\/\/refugee-committee.org\/wp-content\/uploads\/2024\/08\/BRV-ITEKA-1-e1724160298891-1024x235.png",750,172,true],"1536x1536":["https:\/\/refugee-committee.org\/wp-content\/uploads\/2024\/08\/BRV-ITEKA-1-e1724160298891-1536x352.png",1536,352,true],"2048x2048":["https:\/\/refugee-committee.org\/wp-content\/uploads\/2024\/08\/BRV-ITEKA-1-e1724160298891.png",1920,440,false],"trp-custom-language-flag":["https:\/\/refugee-committee.org\/wp-content\/uploads\/2024\/08\/BRV-ITEKA-1-e1724160298891.png",18,4,false],"hestia-blog":["https:\/\/refugee-committee.org\/wp-content\/uploads\/2024\/08\/BRV-ITEKA-1-e1724160298891-360x240.png",360,240,true]},"uagb_author_info":{"display_name":"URC","author_link":"https:\/\/refugee-committee.org\/fr\/author\/urc\/"},"uagb_comment_info":0,"uagb_excerpt":"We are the voice of Burundian refugees in Belgium At Burundian Refugee Voice-ITEKA, we are a dedicated active actor in providing assistance to Burundian and other refugees in Belgium. Our main objectives are to welcome, assist, and guide Burundian refugees in their new countries of origin, providing them help in [&hellip;]","_links":{"self":[{"href":"https:\/\/refugee-committee.org\/fr\/wp-json\/wp\/v2\/pages\/174","targetHints":{"allow":["GET"]}}],"collection":[{"href":"https:\/\/refugee-committee.org\/fr\/wp-json\/wp\/v2\/pages"}],"about":[{"href":"https:\/\/refugee-committee.org\/fr\/wp-json\/wp\/v2\/types\/page"}],"author":[{"embeddable":true,"href":"https:\/\/refugee-committee.org\/fr\/wp-json\/wp\/v2\/users\/2"}],"replies":[{"embeddable":true,"href":"https:\/\/refugee-committee.org\/fr\/wp-json\/wp\/v2\/comments?post=174"}],"version-history":[{"count":4,"href":"https:\/\/refugee-committee.org\/fr\/wp-json\/wp\/v2\/pages\/174\/revisions"}],"predecessor-version":[{"id":1773,"href":"https:\/\/refugee-committee.org\/fr\/wp-json\/wp\/v2\/pages\/174\/revisions\/1773"}],"wp:featuredmedia":[{"embeddable":true,"href":"https:\/\/refugee-committee.org\/fr\/wp-json\/wp\/v2\/media\/1002"}],"wp:attachment":[{"href":"https:\/\/refugee-committee.org\/fr\/wp-json\/wp\/v2\/media?parent=174"}],"curies":[{"name":"wp","href":"https:\/\/api.w.org\/{rel}","templated":true}]}}